{"id":822,"date":"2019-02-28T17:18:26","date_gmt":"2019-02-28T16:18:26","guid":{"rendered":"https:\/\/masdelentrecollines.com\/?page_id=822"},"modified":"2019-02-28T17:22:30","modified_gmt":"2019-02-28T16:22:30","slug":"surroundings","status":"publish","type":"page","link":"https:\/\/masdelentrecollines.com\/en\/surroundings\/","title":{"rendered":"Surroundings"},"content":{"rendered":"<p>[et_pb_section bb_built=&#8221;1&#8243; _builder_version=&#8221;3.9&#8243; background_image=&#8221;https:\/\/masdelentrecollines.com\/wp-content\/uploads\/2018\/08\/alentours-header.jpg&#8221; custom_padding=&#8221;226px|0px|156px|0px|false|false&#8221; next_background_color=&#8221;#ffffff&#8221;][et_pb_row _builder_version=&#8221;3.9&#8243;][et_pb_column type=&#8221;4_4&#8243;][et_pb_divider show_divider=&#8221;off&#8221; height=&#8221;98px&#8221; _builder_version=&#8221;3.15&#8243;]<\/p>\n<p>&nbsp;<\/p>\n<p>[\/et_pb_divider][\/et_pb_column][\/et_pb_row][\/et_pb_section][et_pb_section bb_built=&#8221;1&#8243; module_id=&#8221;titre&#8221; module_class=&#8221;page-interieure&#8221; _builder_version=&#8221;3.9&#8243; custom_padding=&#8221;0px||0px|&#8221; custom_css_main_element=&#8221;background:none;&#8221; prev_background_color=&#8221;#000000&#8243; next_background_color=&#8221;#f2f2f2&#8243;][et_pb_row custom_padding=&#8221;0px||0px|&#8221; _builder_version=&#8221;3.9&#8243;][et_pb_column type=&#8221;4_4&#8243;][et_pb_text module_class=&#8221;headline&#8221; _builder_version=&#8221;3.15&#8243; text_orientation=&#8221;center&#8221;]<\/p>\n<p><img loading=\"lazy\" decoding=\"async\" class=\"alignnone size-full wp-image-341\" src=\"https:\/\/masdelentrecollines.com\/wp-content\/uploads\/2018\/07\/h1alentours.png\" alt=\"\" width=\"32\" height=\"45\" \/>\u00a0The surroundings<\/p>\n<p>[\/et_pb_text][\/et_pb_column][\/et_pb_row][\/et_pb_section][et_pb_section bb_built=&#8221;1&#8243; module_class=&#8221;page-interieure blanctop&#8221; _builder_version=&#8221;3.9&#8243; background_color=&#8221;#f2f2f2&#8243; prev_background_color=&#8221;#ffffff&#8221; next_background_color=&#8221;#ffffff&#8221;][et_pb_row _builder_version=&#8221;3.0.48&#8243; background_size=&#8221;initial&#8221; background_position=&#8221;top_left&#8221; background_repeat=&#8221;repeat&#8221;][et_pb_column type=&#8221;4_4&#8243;][et_pb_text _builder_version=&#8221;3.15&#8243; text_orientation=&#8221;center&#8221;]<\/p>\n<h1>Property in the center of provence<\/h1>\n<p>[\/et_pb_text][\/et_pb_column][\/et_pb_row][et_pb_row use_custom_gutter=&#8221;on&#8221; gutter_width=&#8221;2&#8243; _builder_version=&#8221;3.9&#8243;][et_pb_column type=&#8221;1_2&#8243;][et_pb_image src=&#8221;https:\/\/masdelentrecollines.com\/wp-content\/uploads\/2018\/10\/IMG_1451.jpg&#8221; _builder_version=&#8221;3.15&#8243;]<\/p>\n<p>&nbsp;<\/p>\n<p>[\/et_pb_image][\/et_pb_column][et_pb_column type=&#8221;1_2&#8243;][et_pb_image src=&#8221;https:\/\/masdelentrecollines.com\/wp-content\/uploads\/2018\/07\/alentours2.jpg&#8221; _builder_version=&#8221;3.9&#8243;]<\/p>\n<p>&nbsp;<\/p>\n<p>[\/et_pb_image][\/et_pb_column][\/et_pb_row][et_pb_row _builder_version=&#8221;3.0.48&#8243; background_size=&#8221;initial&#8221; background_position=&#8221;top_left&#8221; background_repeat=&#8221;repeat&#8221;][et_pb_column type=&#8221;4_4&#8243;][et_pb_text _builder_version=&#8221;3.15&#8243; text_orientation=&#8221;center&#8221;]<\/p>\n<p>Le mas de l\u2019entre collines is in the center of Provence, at the crossroads of <strong>Avignon<\/strong> (33km) which will seduce you by its Palais des Papes and its festival, l\u2019<strong>Ile sur la Sorge<\/strong> (18km) with its antique shops and canoeing, <strong>Gordes<\/strong> (24km), classified the most beautiful village of France, with its castle and two abbeys or <strong>Senanque Cistercian Abbey<\/strong> (20km) surrounded by lavender fields.<\/p>\n<p>The mas can also make you discover the most renowned vineyards in splendid regions such as<strong> Ch\u00e2teau Neuf du Pape<\/strong> (26km), <strong>Beaume de Venise<\/strong> (13km), <strong>Gigondas<\/strong> (20km) and <strong>Vacqueyras<\/strong> (16km) or Proven\u00e7al markets with the Richerenches truffle market (45km) or the <strong>exceptional agricultural market of Velleron<\/strong> (14km). Sportsmen can go to <strong>the mont Ventoux<\/strong> (35km), the <strong>gorges de la Nesque<\/strong> (34km) or the Dentelles de Montmirail (12km).<\/p>\n<p>[\/et_pb_text][\/et_pb_column][\/et_pb_row][et_pb_row][et_pb_column type=&#8221;4_4&#8243;][et_pb_text _builder_version=&#8221;3.15&#8243; text_orientation=&#8221;center&#8221;]<\/p>\n<h3>Towns, Villages, and natural parks to discover<\/h3>\n<p><iframe loading=\"lazy\" src=\"https:\/\/www.google.com\/maps\/d\/embed?mid=1Pe_8hL6DRCVo2z3aLUxctBQ4hRd5VMS0&amp;hl=fr\" width=\"100%\" height=\"480\"><\/iframe><\/p>\n<p>[\/et_pb_text][\/et_pb_column][\/et_pb_row][\/et_pb_section][et_pb_section bb_built=&#8221;1&#8243; _builder_version=&#8221;3.9&#8243; background_image=&#8221;https:\/\/masdelentrecollines.com\/wp-content\/uploads\/2018\/07\/homepage-parallax-e1532424247837.jpg&#8221; parallax=&#8221;on&#8221; custom_padding=&#8221;130px||130px|&#8221; prev_background_color=&#8221;#f2f2f2&#8243; next_background_color=&#8221;#ffffff&#8221;][et_pb_row _builder_version=&#8221;3.9&#8243;][et_pb_column type=&#8221;4_4&#8243;][\/et_pb_column][\/et_pb_row][\/et_pb_section][et_pb_section bb_built=&#8221;1&#8243; custom_padding_last_edited=&#8221;on|tablet&#8221; module_id=&#8221;zone-exterieur&#8221; module_class=&#8221;homepage&#8221; _builder_version=&#8221;3.9&#8243; background_image=&#8221;https:\/\/masdelentrecollines.com\/wp-content\/uploads\/2018\/07\/homepage-ext-bg.png&#8221; background_size=&#8221;initial&#8221; background_repeat=&#8221;repeat-y&#8221; custom_padding=&#8221;0px||0px|&#8221; custom_padding_tablet=&#8221;70px||70px|&#8221; prev_background_color=&#8221;#ffffff&#8221; next_background_color=&#8221;#ffffff&#8221;][et_pb_row custom_padding=&#8221;0px||0px|&#8221; background_color_2=&#8221;#ffffff&#8221; padding_top_1=&#8221;100px&#8221; padding_top_2=&#8221;120px&#8221; padding_bottom_1=&#8221;100px&#8221; padding_bottom_2=&#8221;100px&#8221; padding_1_tablet=&#8221;50px||0px|&#8221; padding_2_tablet=&#8221;50px||50px|&#8221; padding_1_last_edited=&#8221;on|tablet&#8221; padding_2_last_edited=&#8221;on|desktop&#8221; _builder_version=&#8221;3.9&#8243;][et_pb_column type=&#8221;1_3&#8243;][et_pb_image src=&#8221;https:\/\/masdelentrecollines.com\/wp-content\/uploads\/2018\/07\/alentours3.jpg&#8221; show_bottom_space=&#8221;off&#8221; _builder_version=&#8221;3.9&#8243; custom_padding_tablet=&#8221;0px|||&#8221; custom_padding_last_edited=&#8221;off|tablet&#8221; \/][et_pb_image src=&#8221;https:\/\/masdelentrecollines.com\/wp-content\/uploads\/2018\/07\/alentours4.jpg&#8221; show_bottom_space=&#8221;off&#8221; _builder_version=&#8221;3.9&#8243; custom_padding=&#8221;30px|||&#8221; custom_padding_tablet=&#8221;0px|||&#8221; custom_padding_last_edited=&#8221;on|tablet&#8221; \/][\/et_pb_column][et_pb_column type=&#8221;2_3&#8243;][et_pb_text _builder_version=&#8221;3.15&#8243;]<\/p>\n<h3>Our favourite Gastronomic restaurants<\/h3>\n<p><strong>Camille restaurant<\/strong><br \/>\n2598 chemin de la l\u00e8gue<br \/>\n84200 Carpentras<br \/>\n4mn &#8211; 1,7km<\/p>\n<p><strong>Chez Serge 14\/20 au Gault &amp; Millau<\/strong><br \/>\n90 rue Cottier<br \/>\n84200 Carpentras<br \/>\n10mn &#8211; 4,8 km<br \/>\n\u20ac\u20ac\u20ac<\/p>\n<p><strong>L\u2019Oustalet 13\/20 au Gault et Millau<\/strong><br \/>\nPlace Gabrielle Andeol<br \/>\nGigondas<br \/>\n\u20ac\u20ac\u20ac<\/p>\n<p><strong>Les Bories 14,5\/20 au Gault et Millau<\/strong><br \/>\nRoute de l\u2019abbaye de Senanque<br \/>\nGordes<br \/>\n\u20ac\u20ac\u20ac<\/p>\n<p>[\/et_pb_text][\/et_pb_column][\/et_pb_row][\/et_pb_section][et_pb_section bb_built=&#8221;1&#8243; _builder_version=&#8221;3.9&#8243; background_image=&#8221;https:\/\/masdelentrecollines.com\/wp-content\/uploads\/2018\/07\/homepage-parallax-e1532424247837.jpg&#8221; parallax=&#8221;on&#8221; custom_padding=&#8221;130px||130px|&#8221; prev_background_color=&#8221;#ffffff&#8221; next_background_color=&#8221;#f2f2f2&#8243;][et_pb_row _builder_version=&#8221;3.9&#8243;][et_pb_column type=&#8221;4_4&#8243;][\/et_pb_column][\/et_pb_row][\/et_pb_section][et_pb_section bb_built=&#8221;1&#8243; module_class=&#8221;page-interieure&#8221; _builder_version=&#8221;3.9&#8243; background_color=&#8221;#f2f2f2&#8243; prev_background_color=&#8221;#ffffff&#8221; next_background_color=&#8221;#ffffff&#8221;][et_pb_row custom_padding=&#8221;25px|0px|0|0px|false|false&#8221; _builder_version=&#8221;3.0.48&#8243; background_size=&#8221;initial&#8221; background_position=&#8221;top_left&#8221; background_repeat=&#8221;repeat&#8221;][et_pb_column type=&#8221;4_4&#8243;][et_pb_text _builder_version=&#8221;3.15&#8243; text_orientation=&#8221;center&#8221;]<\/p>\n<h3>The commodities<\/h3>\n<h4>an ideal location<\/h4>\n<p>[\/et_pb_text][\/et_pb_column][\/et_pb_row][et_pb_row custom_padding=&#8221;0|0px|25px|0px|false|false&#8221; _builder_version=&#8221;3.9&#8243; background_size=&#8221;initial&#8221; background_position=&#8221;top_left&#8221; background_repeat=&#8221;repeat&#8221;][et_pb_column type=&#8221;4_4&#8243;][et_pb_text _builder_version=&#8221;3.15&#8243; text_orientation=&#8221;center&#8221;]<\/p>\n<p>The TGV is 25mn away. You will find as well a supermarket and other shops at 2km from the mas and a hospital at 3km.<\/p>\n<p>[\/et_pb_text][\/et_pb_column][\/et_pb_row][et_pb_row use_custom_gutter=&#8221;on&#8221; gutter_width=&#8221;2&#8243; make_equal=&#8221;on&#8221; background_color_1=&#8221;#ffffff&#8221; background_color_2=&#8221;#ffffff&#8221; background_color_3=&#8221;#ffffff&#8221; background_color_4=&#8221;#ffffff&#8221; padding_top_1=&#8221;30px&#8221; padding_top_2=&#8221;30px&#8221; padding_top_3=&#8221;30px&#8221; padding_top_4=&#8221;30px&#8221; padding_right_1=&#8221;30px&#8221; padding_right_2=&#8221;30px&#8221; padding_right_3=&#8221;30px&#8221; padding_right_4=&#8221;30px&#8221; padding_bottom_1=&#8221;30px&#8221; padding_bottom_2=&#8221;30px&#8221; padding_bottom_3=&#8221;30px&#8221; padding_bottom_4=&#8221;30px&#8221; padding_left_1=&#8221;30px&#8221; padding_left_2=&#8221;30px&#8221; padding_left_3=&#8221;30px&#8221; padding_left_4=&#8221;30px&#8221; module_class=&#8221;caracteristiques&#8221; _builder_version=&#8221;3.9&#8243;][et_pb_column type=&#8221;1_4&#8243;][et_pb_image src=&#8221;https:\/\/masdelentrecollines.com\/wp-content\/uploads\/2018\/07\/carac33.png&#8221; show_bottom_space=&#8221;off&#8221; align=&#8221;center&#8221; _builder_version=&#8221;3.9&#8243;]<\/p>\n<p>&nbsp;<\/p>\n<p>[\/et_pb_image][et_pb_text _builder_version=&#8221;3.15&#8243; text_orientation=&#8221;center&#8221;]<\/p>\n<p>TGV Train<br \/>\n<em>45mn<\/em><\/p>\n<p>[\/et_pb_text][\/et_pb_column][et_pb_column type=&#8221;1_4&#8243;][et_pb_image src=&#8221;https:\/\/masdelentrecollines.com\/wp-content\/uploads\/2018\/07\/carac31.png&#8221; show_bottom_space=&#8221;off&#8221; align=&#8221;center&#8221; _builder_version=&#8221;3.9&#8243;]<\/p>\n<p>&nbsp;<\/p>\n<p>[\/et_pb_image][et_pb_text _builder_version=&#8221;3.15&#8243; text_orientation=&#8221;center&#8221;]<\/p>\n<p>Supermarket<br \/>\n<em>7mn<\/em><\/p>\n<p>[\/et_pb_text][\/et_pb_column][et_pb_column type=&#8221;1_4&#8243;][et_pb_image src=&#8221;https:\/\/masdelentrecollines.com\/wp-content\/uploads\/2018\/07\/carac32.png&#8221; show_bottom_space=&#8221;off&#8221; align=&#8221;center&#8221; _builder_version=&#8221;3.9&#8243;]<\/p>\n<p>&nbsp;<\/p>\n<p>[\/et_pb_image][et_pb_text _builder_version=&#8221;3.15&#8243; text_orientation=&#8221;center&#8221;]<\/p>\n<p>Shops<br \/>\n<em>12mn<\/em><\/p>\n<p>[\/et_pb_text][\/et_pb_column][et_pb_column type=&#8221;1_4&#8243;][et_pb_image src=&#8221;https:\/\/masdelentrecollines.com\/wp-content\/uploads\/2018\/07\/carac34.png&#8221; show_bottom_space=&#8221;off&#8221; align=&#8221;center&#8221; _builder_version=&#8221;3.9&#8243;]<\/p>\n<p>&nbsp;<\/p>\n<p>[\/et_pb_image][et_pb_text _builder_version=&#8221;3.15&#8243; text_orientation=&#8221;center&#8221;]<\/p>\n<p>Hospital<br \/>\n<em>7mn<\/em><\/p>\n<p>[\/et_pb_text][\/et_pb_column][\/et_pb_row][\/et_pb_section][et_pb_section bb_built=&#8221;1&#8243; custom_padding_last_edited=&#8221;on|tablet&#8221; module_id=&#8221;zone-exterieur&#8221; module_class=&#8221;homepage&#8221; _builder_version=&#8221;3.15&#8243; background_image=&#8221;https:\/\/masdelentrecollines.com\/wp-content\/uploads\/2018\/07\/homepage-ext-bg.png&#8221; background_size=&#8221;initial&#8221; background_repeat=&#8221;repeat-y&#8221; custom_padding=&#8221;0px||0px|&#8221; custom_padding_tablet=&#8221;70px||70px|&#8221; prev_background_color=&#8221;#f2f2f2&#8243; disabled=&#8221;on&#8221; disabled_on=&#8221;on|on|on&#8221;][et_pb_row custom_padding=&#8221;0px||0px|&#8221; background_color_2=&#8221;#ffffff&#8221; padding_top_1=&#8221;100px&#8221; padding_top_2=&#8221;120px&#8221; padding_bottom_1=&#8221;100px&#8221; padding_bottom_2=&#8221;100px&#8221; padding_1_tablet=&#8221;50px||0px|&#8221; padding_2_tablet=&#8221;50px||50px|&#8221; padding_1_last_edited=&#8221;on|tablet&#8221; padding_2_last_edited=&#8221;on|desktop&#8221; _builder_version=&#8221;3.9&#8243;][et_pb_column type=&#8221;1_3&#8243;][et_pb_image src=&#8221;https:\/\/masdelentrecollines.com\/wp-content\/uploads\/2018\/07\/alentours3.jpg&#8221; show_bottom_space=&#8221;off&#8221; _builder_version=&#8221;3.9&#8243; custom_padding_tablet=&#8221;0px|||&#8221; custom_padding_last_edited=&#8221;off|tablet&#8221; \/][et_pb_image src=&#8221;https:\/\/masdelentrecollines.com\/wp-content\/uploads\/2018\/07\/alentours4.jpg&#8221; show_bottom_space=&#8221;off&#8221; _builder_version=&#8221;3.9&#8243; custom_padding=&#8221;30px|||&#8221; custom_padding_tablet=&#8221;0px|||&#8221; custom_padding_last_edited=&#8221;on|tablet&#8221; \/][\/et_pb_column][et_pb_column type=&#8221;2_3&#8243;][et_pb_text _builder_version=&#8221;3.15&#8243;]<\/p>\n<h3>Les curiosit\u00e9s, activit\u00e9s sportives et touristiques<\/h3>\n<h4>Retrouvez ci-dessous notre s\u00e9lection des activit\u00e9s et lieux d&#8217;int\u00e9r\u00eats pour agr\u00e9menter votre s\u00e9jour :<\/h4>\n<p>&#8211; Avignon (Le Pont d Avignon, Le Palais des Papes, Le Rhone)<br \/>\n&#8211; Le Festival de th\u00e9\u00e2tre d&#8217;Avignon<br \/>\n&#8211; Courtezon<br \/>\n&#8211; l&#8217;Isle sur Sorgues, avec son canal et ses march\u00e9s d&#8217;antiquit\u00e9s.<br \/>\n&#8211; Le mus\u00e9e de la Lavande<br \/>\n&#8211; Gordes et Les Bories<br \/>\n&#8211; Carpentras et son march\u00e9 du vendredi et son festival au mois de juillet<br \/>\n&#8211; St Didier<br \/>\n&#8211; Le luberon<br \/>\n&#8211; Roussillon<br \/>\n&#8211; Venasque et sa cave<br \/>\n&#8211; Le Mont Ventoux<\/p>\n<p>[\/et_pb_text][\/et_pb_column][\/et_pb_row][\/et_pb_section]<\/p>\n","protected":false},"excerpt":{"rendered":"<p>&nbsp; \u00a0The surroundings Property in the center of provence &nbsp; &nbsp; Le mas de l\u2019entre collines is in the center of Provence, at the crossroads of Avignon (33km) which will seduce you by its Palais des Papes and its festival, l\u2019Ile sur la Sorge (18km) with its antique shops and canoeing, Gordes (24km), classified the [&hellip;]<\/p>\n","protected":false},"author":2,"featured_media":0,"parent":0,"menu_order":0,"comment_status":"closed","ping_status":"closed","template":"","meta":{"_et_pb_use_builder":"on","_et_pb_old_content":"","_et_gb_content_width":"","footnotes":""},"class_list":["post-822","page","type-page","status-publish","hentry"],"yoast_head":"<!-- This site is optimized with the Yoast SEO plugin v27.4 - https:\/\/yoast.com\/product\/yoast-seo-wordpress\/ -->\n<title>Surroundings - Le mas de l&#039;entre Collines<\/title>\n<meta name=\"robots\" content=\"index, follow, max-snippet:-1, max-image-preview:large, max-video-preview:-1\" \/>\n<link rel=\"canonical\" href=\"https:\/\/masdelentrecollines.com\/en\/surroundings\/\" \/>\n<meta property=\"og:locale\" content=\"en_US\" \/>\n<meta property=\"og:type\" content=\"article\" \/>\n<meta property=\"og:title\" content=\"Surroundings - Le mas de l&#039;entre Collines\" \/>\n<meta property=\"og:description\" content=\"&nbsp; \u00a0The surroundings Property in the center of provence &nbsp; &nbsp; Le mas de l\u2019entre collines is in the center of Provence, at the crossroads of Avignon (33km) which will seduce you by its Palais des Papes and its festival, l\u2019Ile sur la Sorge (18km) with its antique shops and canoeing, Gordes (24km), classified the [&hellip;]\" \/>\n<meta property=\"og:url\" content=\"https:\/\/masdelentrecollines.com\/en\/surroundings\/\" \/>\n<meta property=\"og:site_name\" content=\"Le mas de l&#039;entre Collines\" \/>\n<meta property=\"article:modified_time\" content=\"2019-02-28T16:22:30+00:00\" \/>\n<meta property=\"og:image\" content=\"https:\/\/masdelentrecollines.com\/wp-content\/uploads\/2018\/07\/h1alentours.png\" \/>\n<meta name=\"twitter:card\" content=\"summary_large_image\" \/>\n<meta name=\"twitter:label1\" content=\"Est. reading time\" \/>\n\t<meta name=\"twitter:data1\" content=\"7 minutes\" \/>\n<script type=\"application\/ld+json\" class=\"yoast-schema-graph\">{\"@context\":\"https:\\\/\\\/schema.org\",\"@graph\":[{\"@type\":\"WebPage\",\"@id\":\"https:\\\/\\\/masdelentrecollines.com\\\/en\\\/surroundings\\\/\",\"url\":\"https:\\\/\\\/masdelentrecollines.com\\\/en\\\/surroundings\\\/\",\"name\":\"Surroundings - Le mas de l&#039;entre Collines\",\"isPartOf\":{\"@id\":\"https:\\\/\\\/masdelentrecollines.com\\\/#website\"},\"primaryImageOfPage\":{\"@id\":\"https:\\\/\\\/masdelentrecollines.com\\\/en\\\/surroundings\\\/#primaryimage\"},\"image\":{\"@id\":\"https:\\\/\\\/masdelentrecollines.com\\\/en\\\/surroundings\\\/#primaryimage\"},\"thumbnailUrl\":\"https:\\\/\\\/masdelentrecollines.com\\\/wp-content\\\/uploads\\\/2018\\\/07\\\/h1alentours.png\",\"datePublished\":\"2019-02-28T16:18:26+00:00\",\"dateModified\":\"2019-02-28T16:22:30+00:00\",\"breadcrumb\":{\"@id\":\"https:\\\/\\\/masdelentrecollines.com\\\/en\\\/surroundings\\\/#breadcrumb\"},\"inLanguage\":\"en-US\",\"potentialAction\":[{\"@type\":\"ReadAction\",\"target\":[\"https:\\\/\\\/masdelentrecollines.com\\\/en\\\/surroundings\\\/\"]}]},{\"@type\":\"ImageObject\",\"inLanguage\":\"en-US\",\"@id\":\"https:\\\/\\\/masdelentrecollines.com\\\/en\\\/surroundings\\\/#primaryimage\",\"url\":\"https:\\\/\\\/masdelentrecollines.com\\\/wp-content\\\/uploads\\\/2018\\\/07\\\/h1alentours.png\",\"contentUrl\":\"https:\\\/\\\/masdelentrecollines.com\\\/wp-content\\\/uploads\\\/2018\\\/07\\\/h1alentours.png\"},{\"@type\":\"BreadcrumbList\",\"@id\":\"https:\\\/\\\/masdelentrecollines.com\\\/en\\\/surroundings\\\/#breadcrumb\",\"itemListElement\":[{\"@type\":\"ListItem\",\"position\":1,\"name\":\"Accueil\",\"item\":\"https:\\\/\\\/masdelentrecollines.com\\\/en\\\/\"},{\"@type\":\"ListItem\",\"position\":2,\"name\":\"Surroundings\"}]},{\"@type\":\"WebSite\",\"@id\":\"https:\\\/\\\/masdelentrecollines.com\\\/#website\",\"url\":\"https:\\\/\\\/masdelentrecollines.com\\\/\",\"name\":\"Le mas de l&#039;entre Collines\",\"description\":\"Mas proven\u00e7al de caract\u00e8re aux portes du Luberon\",\"potentialAction\":[{\"@type\":\"SearchAction\",\"target\":{\"@type\":\"EntryPoint\",\"urlTemplate\":\"https:\\\/\\\/masdelentrecollines.com\\\/?s={search_term_string}\"},\"query-input\":{\"@type\":\"PropertyValueSpecification\",\"valueRequired\":true,\"valueName\":\"search_term_string\"}}],\"inLanguage\":\"en-US\"}]}<\/script>\n<!-- \/ Yoast SEO plugin. -->","yoast_head_json":{"title":"Surroundings - Le mas de l&#039;entre Collines","robots":{"index":"index","follow":"follow","max-snippet":"max-snippet:-1","max-image-preview":"max-image-preview:large","max-video-preview":"max-video-preview:-1"},"canonical":"https:\/\/masdelentrecollines.com\/en\/surroundings\/","og_locale":"en_US","og_type":"article","og_title":"Surroundings - Le mas de l&#039;entre Collines","og_description":"&nbsp; \u00a0The surroundings Property in the center of provence &nbsp; &nbsp; Le mas de l\u2019entre collines is in the center of Provence, at the crossroads of Avignon (33km) which will seduce you by its Palais des Papes and its festival, l\u2019Ile sur la Sorge (18km) with its antique shops and canoeing, Gordes (24km), classified the [&hellip;]","og_url":"https:\/\/masdelentrecollines.com\/en\/surroundings\/","og_site_name":"Le mas de l&#039;entre Collines","article_modified_time":"2019-02-28T16:22:30+00:00","og_image":[{"url":"https:\/\/masdelentrecollines.com\/wp-content\/uploads\/2018\/07\/h1alentours.png","type":"","width":"","height":""}],"twitter_card":"summary_large_image","twitter_misc":{"Est. reading time":"7 minutes"},"schema":{"@context":"https:\/\/schema.org","@graph":[{"@type":"WebPage","@id":"https:\/\/masdelentrecollines.com\/en\/surroundings\/","url":"https:\/\/masdelentrecollines.com\/en\/surroundings\/","name":"Surroundings - Le mas de l&#039;entre Collines","isPartOf":{"@id":"https:\/\/masdelentrecollines.com\/#website"},"primaryImageOfPage":{"@id":"https:\/\/masdelentrecollines.com\/en\/surroundings\/#primaryimage"},"image":{"@id":"https:\/\/masdelentrecollines.com\/en\/surroundings\/#primaryimage"},"thumbnailUrl":"https:\/\/masdelentrecollines.com\/wp-content\/uploads\/2018\/07\/h1alentours.png","datePublished":"2019-02-28T16:18:26+00:00","dateModified":"2019-02-28T16:22:30+00:00","breadcrumb":{"@id":"https:\/\/masdelentrecollines.com\/en\/surroundings\/#breadcrumb"},"inLanguage":"en-US","potentialAction":[{"@type":"ReadAction","target":["https:\/\/masdelentrecollines.com\/en\/surroundings\/"]}]},{"@type":"ImageObject","inLanguage":"en-US","@id":"https:\/\/masdelentrecollines.com\/en\/surroundings\/#primaryimage","url":"https:\/\/masdelentrecollines.com\/wp-content\/uploads\/2018\/07\/h1alentours.png","contentUrl":"https:\/\/masdelentrecollines.com\/wp-content\/uploads\/2018\/07\/h1alentours.png"},{"@type":"BreadcrumbList","@id":"https:\/\/masdelentrecollines.com\/en\/surroundings\/#breadcrumb","itemListElement":[{"@type":"ListItem","position":1,"name":"Accueil","item":"https:\/\/masdelentrecollines.com\/en\/"},{"@type":"ListItem","position":2,"name":"Surroundings"}]},{"@type":"WebSite","@id":"https:\/\/masdelentrecollines.com\/#website","url":"https:\/\/masdelentrecollines.com\/","name":"Le mas de l&#039;entre Collines","description":"Mas proven\u00e7al de caract\u00e8re aux portes du Luberon","potentialAction":[{"@type":"SearchAction","target":{"@type":"EntryPoint","urlTemplate":"https:\/\/masdelentrecollines.com\/?s={search_term_string}"},"query-input":{"@type":"PropertyValueSpecification","valueRequired":true,"valueName":"search_term_string"}}],"inLanguage":"en-US"}]}},"_links":{"self":[{"href":"https:\/\/masdelentrecollines.com\/en\/wp-json\/wp\/v2\/pages\/822","targetHints":{"allow":["GET"]}}],"collection":[{"href":"https:\/\/masdelentrecollines.com\/en\/wp-json\/wp\/v2\/pages"}],"about":[{"href":"https:\/\/masdelentrecollines.com\/en\/wp-json\/wp\/v2\/types\/page"}],"author":[{"embeddable":true,"href":"https:\/\/masdelentrecollines.com\/en\/wp-json\/wp\/v2\/users\/2"}],"replies":[{"embeddable":true,"href":"https:\/\/masdelentrecollines.com\/en\/wp-json\/wp\/v2\/comments?post=822"}],"version-history":[{"count":0,"href":"https:\/\/masdelentrecollines.com\/en\/wp-json\/wp\/v2\/pages\/822\/revisions"}],"wp:attachment":[{"href":"https:\/\/masdelentrecollines.com\/en\/wp-json\/wp\/v2\/media?parent=822"}],"curies":[{"name":"wp","href":"https:\/\/api.w.org\/{rel}","templated":true}]}}